{"id":333,"date":"2012-10-29T10:25:43","date_gmt":"2012-10-29T10:25:43","guid":{"rendered":"http:\/\/genealogie.nka.cz\/?page_id=333"},"modified":"2024-03-05T13:14:26","modified_gmt":"2024-03-05T13:14:26","slug":"matriky-2","status":"publish","type":"page","link":"https:\/\/genealogie.nka.cz\/?page_id=333","title":{"rendered":"Matriky a jin\u00e9 prameny"},"content":{"rendered":"<style type=\"text\/css\">\n    a.otherLink:link    { font-size: 14px; font-weight: normal; color: #505050 ; text-decoration: none; }<br \/>\n    a.otherLink:visited { font-size: 14px; font-weight: normal; color: #505050 ; text-decoration: none; }<br \/>\n    a.otherLink:hover   { font-size: 14px; font-weight: normal; color: #3366FF ; text-decoration: none; }<br \/>\n    a.otherLink:active  { font-size: 14px; font-weight: normal; color: #3366FF ; text-decoration: none; }<br \/>\n    a.title {font-size: 14px; font-weight: bold; color: #505050}<br \/>\n    p.header {font-family: Tahoma; font-size: 22px; font-weight: normal; color: #404040}<br \/>\n    p.title {font-size: 14px; font-weight: bold; color: #505050}<br \/>\n    p.text {font-size: 14px; font-weight: normal; color: #505050}<br \/>\n    a.text2 {font-size: 12px; font-weight: bold; color: #505050}<br \/>\n<\/style>\n<p class=\"header\">Matriky a jin\u00e9 prameny na internetu<\/p>\nngg_shortcode_0_placeholder\n<p><a class=\"title\">Kraj \u00dasteck\u00fd a Libereck\u00fd<\/a><br \/>\n<a class=\"text\"><\/a><a class=\"otherLink\" href=\"http:\/\/vademecum.soalitomerice.cz\/vademecum\/\" target=\"_blank\" rel=\"noopener\">SOA Litom\u011b\u0159ice<\/a><\/p>\n<p><a class=\"title\">Kraj Plze\u0148sk\u00fd a Karlovarsk\u00fd<\/a><br \/>\n<a class=\"text\"><\/a><a class=\"otherLink\" href=\"https:\/\/www.portafontium.eu\/?language=cs\" target=\"_blank\" rel=\"noopener\">SOA Plze\u0148<\/a><\/p>\n<p><a class=\"title\">Kraj St\u0159edo\u010desk\u00fd<\/a><br \/>\n<a class=\"text\"><\/a><a class=\"otherLink\" href=\"http:\/\/ebadatelna.soapraha.cz\/\" target=\"_blank\" rel=\"noopener\">SOA Praha<\/a><\/p>\n<p><a class=\"title\">Kraj Jiho\u010desk\u00fd a \u010d\u00e1st Kraje Vyso\u010dina<\/a><br \/>\n<a class=\"text\"><\/a><a class=\"otherLink\" href=\"http:\/\/digi.ceskearchivy.cz\/\" target=\"_blank\" rel=\"noopener\">SOA T\u0159ebo\u0148<\/a><\/p>\n<p><a class=\"title\">Kraj Kr\u00e1lovehradeck\u00fd, Pardubick\u00fd a \u010d\u00e1st Kraje Vyso\u010dina<\/a><br \/>\n<a class=\"text\"><\/a><a class=\"otherLink\" href=\"https:\/\/vychodoceskearchivy.cz\/home\/zivotni-situace\/badani\/matriky\/\" target=\"_blank\" rel=\"noopener\">SOA Z\u00e1mrsk<\/a><\/p>\n<p><a class=\"title\">Kraj Jihomoravsk\u00fd, \u010d\u00e1st Kraje Vyso\u010dina, Zl\u00ednsk\u00e9ho kraje a Olomouck\u00e9ho kraje<\/a><br \/>\n<a class=\"text\"><\/a><a class=\"otherLink\" href=\"https:\/\/www.mza.cz\/actapublica\/matrika\/hledani_obec\" target=\"_blank\" rel=\"noopener\">MZA Brno<\/a><\/p>\n<p><a class=\"title\">Kraj Moravskoslezsk\u00fd, \u010d\u00e1st Kraje Olomouck\u00e9ho a Kraje Zl\u00ednsk\u00e9ho<\/a><br \/>\n<a class=\"text\"><\/a><a class=\"otherLink\" href=\"http:\/\/digi.archives.cz\/da\/\" target=\"_blank\" rel=\"noopener\">ZA Opava<\/a><\/p>\n<p><a class=\"title\">Praha<\/a><br \/>\n<a class=\"text\"><\/a><a class=\"otherLink\" href=\"http:\/\/katalog.ahmp.cz\/pragapublica\/\" target=\"_blank\" rel=\"noopener\">Archiv hlavn\u00edho m\u011bsta Prahy<\/a><\/p>\n<p>&nbsp;<\/p>\n<p class=\"text\"><a class=\"otherLink\" href=\"https:\/\/vychodoceskearchivy.cz\/home\/prezentace-archivu\/e-vystava-archivalii\/\" target=\"_blank\" rel=\"noopener\">V\u00fdchodo\u010desk\u00e9 archivy<\/a><\/p>\n<p class=\"text\"><a class=\"otherLink\" href=\"https:\/\/www.mza.cz\/aplikace\/\" target=\"_blank\" rel=\"noopener\">Moravsk\u00fd zemsk\u00fd archiv v Brn\u011b<\/a><\/p>\n<p class=\"text\"><a class=\"otherLink\" href=\"http:\/\/aplikace.mvcr.cz\/archivni-fondy-cr\/default.aspx\" target=\"_blank\" rel=\"noopener\">Archivn\u00ed fondy a sb\u00edrky v \u010cesk\u00e9 republice<\/a><\/p>\n<p class=\"text\"><a class=\"otherLink\" href=\"http:\/\/www.vuapraha.cz\/node\/109\" target=\"_blank\" rel=\"noopener\">Vojensk\u00e9 matriky<\/a><\/p>\n<p class=\"text\"><a class=\"otherLink\" href=\"http:\/\/digitalnistudovna.army.cz\" target=\"_blank\" rel=\"noopener\">Digit\u00e1ln\u00ed studovna Ministerstva obrany \u010cR<\/a><\/p>\n<p class=\"text\"><a class=\"otherLink\" href=\"http:\/\/www.badatelna.cz\/fond\/1073\" target=\"_blank\" rel=\"noopener\">Matriky \u017eidovsk\u00fdch n\u00e1bo\u017eensk\u00fdch obc\u00ed v \u010cesku<\/a><\/p>\n<p class=\"text\"><a class=\"otherLink\" href=\"https:\/\/familysearch.org\/\" target=\"_blank\" rel=\"noopener\">FamilySearch<\/a><\/p>\n<p class=\"text\"><a class=\"otherLink\" href=\"http:\/\/www.badatelna.eu\/fond\/181560\/inventar\/#1691928\" target=\"_blank\" rel=\"noopener\">Desky zemsk\u00e9 Kr\u00e1lovstv\u00ed \u010desk\u00e9ho<\/a><\/p>\n<p class=\"text\"><a class=\"otherLink\" href=\"https:\/\/www.esbirky.cz\/\" target=\"_blank\" rel=\"noopener\">eSbirky &#8211; digitalizovan\u00e9 sb\u00edrkov\u00e9 p\u0159edm\u011bty \u010desk\u00fdch muze\u00ed a galeri\u00ed<\/a><\/p>\n<p class=\"text\"><a class=\"otherLink\" href=\"http:\/\/cesarch.cz\/archivnictvi\/adresar-archivu\/\" target=\"_blank\" rel=\"noopener\">\u010cesk\u00e1 archivn\u00ed spole\u010dnost<\/a><\/p>\n<p class=\"text\"><a class=\"otherLink\" href=\"https:\/\/theses.cz\/\" target=\"_blank\" rel=\"noopener\">Vysoko\u0161kolsk\u00e9 kvalifika\u010dn\u00ed pr\u00e1ce<\/a><\/p>\n<p class=\"text\"><a class=\"otherLink\" href=\"http:\/\/www.poutnimistacr.cz\/\" target=\"_blank\" rel=\"noopener\">Poutn\u00ed m\u00edsta<\/a><\/p>\n<p class=\"text\"><a class=\"otherLink\" href=\"http:\/\/www.vhu.cz\/valecne-ztraty-rakousko-uherske-armady-1914-1918-online-zdroje\/\" target=\"_blank\" rel=\"noopener\">Vojensk\u00fd historick\u00fd \u00fastav &#8211; V\u00e1le\u010dn\u00e9 ztr\u00e1ty rakousko-uhersk\u00e9 arm\u00e1dy 1914\u20131918<\/a><\/p>\n<p class=\"text\"><a class=\"otherLink\" href=\"http:\/\/www.vhu.cz\/kartoteka-obeti-prazskeho-povstani-oblastni-kriminalni-uradovny-praha\/\" target=\"_blank\" rel=\"noopener\">Vojensk\u00fd historick\u00fd \u00fastav &#8211; Kartot\u00e9ka ob\u011bt\u00ed Pra\u017esk\u00e9ho povst\u00e1n\u00ed<\/a><\/p>\n<p class=\"text\"><a class=\"otherLink\" href=\"http:\/\/www.uir.cz\/\" target=\"_blank\" rel=\"noopener\">\u00dazemn\u00ed identifika\u010dn\u00ed registr \u010cR<\/a><\/p>\n<p class=\"text\"><a class=\"otherLink\" href=\"https:\/\/arolsen-archives.org\/\" target=\"_blank\" rel=\"noopener\">International Center on Nazi Persecution<\/a><\/p>\n<p>&nbsp;<\/p>\n<p><a class=\"title\">Slovensko<\/a><br \/>\n<a class=\"text\"><\/a><a class=\"otherLink\" href=\"https:\/\/familysearch.org\/\" target=\"_blank\" rel=\"noopener\">Slovensk\u00e9 matriky star\u0161\u00ed ne\u017e z roku 1895 jsou k dispozici na FamilySearch<\/a><br \/>\n<a class=\"text\"><\/a><a class=\"otherLink\" href=\"http:\/\/csaladfa.palmai.eu\/felvidekiak\/\" target=\"_blank\" rel=\"noopener\">Popis slovensk\u00fdch matrik (ma\u010farsky)<\/a><br \/>\n<a class=\"text\"><\/a><a class=\"otherLink\" href=\"https:\/\/www.minv.sk\/?statne-archivy\" target=\"_blank\" rel=\"noopener\">Slovensk\u00e9 st\u00e1tn\u00ed archivy<\/a><\/p>\n<p><a class=\"title\">Rakousko, N\u011bmecko, Lucembursko, Slovinsko, Srbsko, Polsko, Bosna a Hercegovina, It\u00e1lie<\/a><br \/>\n<a class=\"text\"><\/a><a class=\"otherLink\" href=\"https:\/\/data.matricula-online.eu\/en\/\" target=\"_blank\" rel=\"noopener\">Matricula Online<\/a><br \/>\n<a class=\"title\">Rakousko<\/a><br \/>\n<a class=\"text\"><\/a><a class=\"otherLink\" href=\"http:\/\/www.crarc.findbuch.net\/php\/main.php?ar_id=3738&amp;be_kurz=8#464b204d617070656e20554d\" target=\"_blank\" rel=\"noopener\">Vojensk\u00e9 a v\u00e1le\u010dn\u00e9 matriky z rakousk\u00e9ho st\u00e1tn\u00edho archivu<\/a><\/p>\n<p><a class=\"title\">\u0160t\u00fdrsko<\/a><br \/>\n<a class=\"text\"><\/a><a class=\"otherLink\" href=\"http:\/\/matriken.graz-seckau.at\/\" target=\"_blank\" rel=\"noopener\">Katholische Kirche Steiermark<\/a><\/p>\n<p><a class=\"title\">V\u00edde\u0148<\/a><br \/>\n<a class=\"text\"><\/a><a class=\"otherLink\" href=\"https:\/\/www.digital.wienbibliothek.at\/periodical\/titleinfo\/5311\" target=\"_blank\" rel=\"noopener\">Adres\u00e1\u0159e obyvatel V\u00eddn\u011b z let 1859 a\u017e 1942 od Adolpha Lehmanna<\/a><br \/>\n<a class=\"text\"><\/a><a class=\"otherLink\" href=\"https:\/\/www.friedhoefewien.at\/eportal2\/\" target=\"_blank\" rel=\"noopener\">Datab\u00e1ze poh\u0159ben\u00fdch na v\u00edde\u0148sk\u00fdch h\u0159bitovech<\/a><\/p>\n<p><a class=\"title\">Polsko<\/a><br \/>\n<a class=\"text\"><\/a><a class=\"otherLink\" href=\"https:\/\/www.archiwa.gov.pl\/pl\/\" target=\"_blank\" rel=\"noopener\">Polsk\u00e9 archivy<\/a><br \/>\n<a class=\"text\"><\/a><a class=\"otherLink\" href=\"http:\/\/metryki.genbaza.com\/\" target=\"_blank\" rel=\"noopener\">Polsk\u00e9 matriky<\/a><\/p>\n","protected":false},"excerpt":{"rendered":"<p>Matriky a jin\u00e9 prameny na internetu Kraj \u00dasteck\u00fd a Libereck\u00fd SOA Litom\u011b\u0159ice Kraj Plze\u0148sk\u00fd a Karlovarsk\u00fd SOA Plze\u0148 Kraj St\u0159edo\u010desk\u00fd SOA Praha Kraj Jiho\u010desk\u00fd a \u010d\u00e1st Kraje Vyso\u010dina SOA T\u0159ebo\u0148 Kraj Kr\u00e1lovehradeck\u00fd, Pardubick\u00fd a \u010d\u00e1st Kraje Vyso\u010dina SOA Z\u00e1mrsk Kraj &hellip; <a class=\"more-link\" href=\"https:\/\/genealogie.nka.cz\/?page_id=333\">Continue reading <span class=\"meta-nav\">&rarr;<\/span><\/a><\/p>\n","protected":false},"author":1,"featured_media":0,"parent":325,"menu_order":1,"comment_status":"open","ping_status":"open","template":"page-wrapperonly.php","meta":{"ngg_post_thumbnail":0,"footnotes":""},"class_list":["post-333","page","type-page","status-publish","hentry"],"_links":{"self":[{"href":"https:\/\/genealogie.nka.cz\/index.php?rest_route=\/wp\/v2\/pages\/333","targetHints":{"allow":["GET"]}}],"collection":[{"href":"https:\/\/genealogie.nka.cz\/index.php?rest_route=\/wp\/v2\/pages"}],"about":[{"href":"https:\/\/genealogie.nka.cz\/index.php?rest_route=\/wp\/v2\/types\/page"}],"author":[{"embeddable":true,"href":"https:\/\/genealogie.nka.cz\/index.php?rest_route=\/wp\/v2\/users\/1"}],"replies":[{"embeddable":true,"href":"https:\/\/genealogie.nka.cz\/index.php?rest_route=%2Fwp%2Fv2%2Fcomments&post=333"}],"version-history":[{"count":95,"href":"https:\/\/genealogie.nka.cz\/index.php?rest_route=\/wp\/v2\/pages\/333\/revisions"}],"predecessor-version":[{"id":1355,"href":"https:\/\/genealogie.nka.cz\/index.php?rest_route=\/wp\/v2\/pages\/333\/revisions\/1355"}],"up":[{"embeddable":true,"href":"https:\/\/genealogie.nka.cz\/index.php?rest_route=\/wp\/v2\/pages\/325"}],"wp:attachment":[{"href":"https:\/\/genealogie.nka.cz\/index.php?rest_route=%2Fwp%2Fv2%2Fmedia&parent=333"}],"curies":[{"name":"wp","href":"https:\/\/api.w.org\/{rel}","templated":true}]}}