{"id":971,"date":"2014-02-06T09:23:06","date_gmt":"2014-02-06T09:23:06","guid":{"rendered":"http:\/\/genealogie.nka.cz\/?page_id=971"},"modified":"2023-01-17T13:14:53","modified_gmt":"2023-01-17T13:14:53","slug":"casova-osa","status":"publish","type":"page","link":"https:\/\/genealogie.nka.cz\/?page_id=971","title":{"rendered":"\u010casov\u00e1 osa"},"content":{"rendered":"<style type=\"text\/css\">\n    table.osa {\n        border-width: 0px;\n        border-color: gray;\n        border-spacing: 2px;\n        border-style: solid;\n        border-collapse: collapse;\n    }\n    a.otherLink:link    { color: #505050  ; text-decoration: none; }\n    a.otherLink:visited { color: #505050  ; text-decoration: none; }\n    a.otherLink:hover   { color: #3366FF; text-decoration: none; }\n    a.otherLink:active  { color: #3366FF; text-decoration: none; }  \n    p.linktext {font-size: 16px; font-weight: bold; color: #505050}\n    p.header {font-family: Tahoma; font-size: 22px; font-weight: normal; color: #404040}\n    div.text {font-size: 12px; font-weight: normal; color: #606060}\n<\/style>\n<p class=\"header\">\u010casov\u00e1 osa<\/p>\n<div class=\"text\">\n<table class\"osa\">\n<tr>\n<td style=\"width: 10px;padding: 0px;\">&nbsp;<\/td>\n<td style=\"width: 410px;padding: 0px;\">&nbsp;<\/td>\n<td style=\"width: 410px;padding: 0px;\">&nbsp;<\/td>\n<\/tr>\n<tr>\n<td>&nbsp;<\/td>\n<td>&nbsp;<\/td>\n<td>&nbsp;<\/td>\n<\/tr>\n<tr>\n<td>&nbsp;<\/td>\n<td>&nbsp;<\/td>\n<td>&nbsp;<\/td>\n<\/tr>\n<tr>\n<td>&nbsp;<\/td>\n<td>&nbsp;<\/td>\n<td>&nbsp;<\/td>\n<\/tr>\n<tr>\n<td>&nbsp;<\/td>\n<td>&nbsp;<\/td>\n<td><b>1549<\/b> &#8211; Maxmili\u00e1n II. je korunov\u00e1n \u010desk\u00fdm kr\u00e1lem.<\/td>\n<\/tr>\n<tr>\n<td>&nbsp;<\/td>\n<td>&nbsp;<\/td>\n<td>&nbsp;<\/td>\n<\/tr>\n<tr>\n<td>&nbsp;<\/td>\n<td>&nbsp;<\/td>\n<td>&nbsp;<\/td>\n<\/tr>\n<tr>\n<td>&nbsp;<\/td>\n<td>&nbsp;<\/td>\n<td>&nbsp;<\/td>\n<\/tr>\n<tr>\n<td>&nbsp;<\/td>\n<td><b>1563<\/b> &#8211; Tridentsk\u00fd koncil nap\u0159\u00edklad na\u0159\u00eddil veden\u00ed matrik, \u0159e\u0161il kmotrovstv\u00ed a nouzov\u00fd k\u0159est.<\/td>\n<td>&nbsp;<\/td>\n<\/tr>\n<tr>\n<td>&nbsp;<\/td>\n<td>&nbsp;<\/td>\n<td>&nbsp;<\/td>\n<\/tr>\n<tr>\n<td>&nbsp;<\/td>\n<td>&nbsp;<\/td>\n<td>&nbsp;<\/td>\n<\/tr>\n<tr>\n<td>&nbsp;<\/td>\n<td>&nbsp;<\/td>\n<td>&nbsp;<\/td>\n<\/tr>\n<tr>\n<td>&nbsp;<\/td>\n<td>&nbsp;<\/td>\n<td><b>1575<\/b> &#8211; Rudolf II. je korunov\u00e1n \u010desk\u00fdm kr\u00e1lem.<\/td>\n<\/tr>\n<tr>\n<td>&nbsp;<\/td>\n<td>&nbsp;<\/td>\n<td><b>1576<\/b> &#8211; Um\u00edr\u00e1 c\u00edsa\u0159 a \u010desk\u00fd kr\u00e1l Maxmili\u00e1n II. a \u0159\u00edmsk\u00fdm c\u00edsa\u0159em se st\u00e1v\u00e1 Rudolf II.<\/td>\n<\/tr>\n<tr>\n<td>&nbsp;<\/td>\n<td>&nbsp;<\/td>\n<td>&nbsp;<\/td>\n<\/tr>\n<tr>\n<td>&nbsp;<\/td>\n<td>&nbsp;<\/td>\n<td><b>1583<\/b> &#8211; C\u00edsa\u0159 Rudolf II. p\u0159es\u00eddlil c\u00edsa\u0159skou rezidenci do Prahy<\/td>\n<\/tr>\n<tr>\n<td>&nbsp;<\/td>\n<td>&nbsp;<\/td>\n<td><b>1584<\/b> &#8211; V \u010cesk\u00fdch zem\u00edch se p\u0159e\u0161lo z Juli\u00e1nsk\u00e9ho na Gregori\u00e1nsk\u00fd kalend\u00e1\u0159. Z pond\u011bl\u00ed 6. ledna na \u00fater\u00fd 17. ledna v \u010cech\u00e1ch a ze soboty 3. \u0159\u00edjna na ned\u011bli 14. \u0159\u00edjna na Morav\u011b.<\/td>\n<\/tr>\n<tr>\n<td>&nbsp;<\/td>\n<td>&nbsp;<\/td>\n<td>&nbsp;<\/td>\n<\/tr>\n<tr>\n<td>&nbsp;<\/td>\n<td>&nbsp;<\/td>\n<td>&nbsp;<\/td>\n<\/tr>\n<tr>\n<td>&nbsp;<\/td>\n<td>&nbsp;<\/td>\n<td>&nbsp;<\/td>\n<\/tr>\n<tr>\n<td colspan=3 style=\"font-size: 30px;\"><b>1600<\/b> \u2014\u2014\u2014\u2014\u2014\u2014\u2014\u2014\u2014\u2014\u2014\u2014\u2014\u2014\u2014\u2014\u2014\u2014\u2014\u2014\u2014\u2014\u2014\u2014\u2014\u2014\u2014\u2014\u2014\u2014\u2014<\/td>\n<\/tr>\n<tr>\n<td>&nbsp;<\/td>\n<td>&nbsp;<\/td>\n<td>&nbsp;<\/td>\n<\/tr>\n<tr>\n<td>&nbsp;<\/td>\n<td>&nbsp;<\/td>\n<td>&nbsp;<\/td>\n<\/tr>\n<tr>\n<td>&nbsp;<\/td>\n<td><b>1605<\/b> &#8211; Pra\u017esk\u00e1 synoda znovu na\u0159\u00eddila veden\u00ed matrik (d\u016fle\u017eit\u00e9 pro pra\u017eskou arcidiec\u00e9zi).<\/td>\n<td>&nbsp;<\/td>\n<\/tr>\n<tr>\n<td>&nbsp;<\/td>\n<td>&nbsp;<\/td>\n<td>&nbsp;<\/td>\n<\/tr>\n<tr>\n<td>&nbsp;<\/td>\n<td>&nbsp;<\/td>\n<td><b>1611<\/b> &#8211; Abdikoval Rudolf II. a \u010desk\u00fdm kr\u00e1lem se st\u00e1v\u00e1 jeho mlad\u0161\u00ed bratr Maty\u00e1\u0161.<\/td>\n<\/tr>\n<tr>\n<td>&nbsp;<\/td>\n<td>&nbsp;<\/td>\n<td><b>1612<\/b> &#8211; Rudolf II um\u00edr\u00e1 s form\u00e1ln\u00edm titulem \u0159\u00edmsk\u00fd c\u00edsa\u0159 a c\u00edsa\u0159em se st\u00e1v\u00e1 Maty\u00e1\u0161.<\/td>\n<\/tr>\n<tr>\n<td>&nbsp;<\/td>\n<td><b>1614<\/b> &#8211; \u0158\u00edmsk\u00fd ritu\u00e1l p\u0159edepsal formul\u00e1\u0159 matri\u010dn\u00edho z\u00e1pisu (v\u016fbec prvn\u00ed p\u0159edpis &#8211; u n\u00e1s nebyl dodr\u017eov\u00e1n).<\/td>\n<td>&nbsp;<\/td>\n<\/tr>\n<tr>\n<td>&nbsp;<\/td>\n<td>&nbsp;<\/td>\n<td>&nbsp;<\/td>\n<\/tr>\n<tr>\n<td>&nbsp;<\/td>\n<td>&nbsp;<\/td>\n<td><b>1617<\/b> &#8211; Byl korunov\u00e1n \u010desk\u00fd kr\u00e1l Ferdinand II. \u0160t\u00fdrsk\u00fd.<\/td>\n<\/tr>\n<tr>\n<td>&nbsp;<\/td>\n<td>&nbsp;<\/td>\n<td><b>1618<\/b> &#8211; Po\u010d\u00e1tek stavovsk\u00e9ho povst\u00e1n\u00ed a za\u010d\u00e1tek t\u0159icetilet\u00e9 v\u00e1lky.<\/td>\n<\/tr>\n<tr>\n<td>&nbsp;<\/td>\n<td>&nbsp;<\/td>\n<td><b>1618<\/b> &#8211; Bitva u Lomnice<\/td>\n<\/tr>\n<tr>\n<td>&nbsp;<\/td>\n<td>&nbsp;<\/td>\n<td><b>1619<\/b> &#8211; Zem\u0159el \u0159\u00edmsk\u00fd c\u00edsa\u0159 Maty\u00e1\u0161<\/td>\n<\/tr>\n<tr>\n<td>&nbsp;<\/td>\n<td>&nbsp;<\/td>\n<td><b>1619<\/b> &#8211; Ferdinand II. sesazen z \u010desk\u00e9ho tr\u016fnu. Fridrich Falck\u00fd korunov\u00e1n \u010desk\u00fdm kr\u00e1lem.<\/td>\n<\/tr>\n<tr>\n<td>&nbsp;<\/td>\n<td>&nbsp;<\/td>\n<td><b>1619<\/b> &#8211; Bitva u Z\u00e1blat\u00ed<\/td>\n<\/tr>\n<tr>\n<td>&nbsp;<\/td>\n<td>&nbsp;<\/td>\n<td><b>1619<\/b> &#8211; Bitva u Doln\u00edch V\u011bstonic<\/td>\n<\/tr>\n<tr>\n<td>&nbsp;<\/td>\n<td>&nbsp;<\/td>\n<td><b>1620<\/b> &#8211; Bitva na B\u00edl\u00e9 ho\u0159e. Fridrich Falck\u00fd opou\u0161t\u00ed \u010desk\u00e9 kr\u00e1lovstv\u00ed a Ferdinand II. se op\u011bt uj\u00edm\u00e1 vl\u00e1dy v \u010desk\u00fdch zem\u00edch.<\/td>\n<\/tr>\n<tr>\n<td>&nbsp;<\/td>\n<td>&nbsp;<\/td>\n<td><b>1621<\/b> &#8211; Poprava v\u016fdc\u016f stavovsk\u00e9ho povst\u00e1n\u00ed.<\/td>\n<\/tr>\n<tr>\n<td>&nbsp;<\/td>\n<td>&nbsp;<\/td>\n<td><b>1622<\/b> &#8211; Gener\u00e1ln\u00ed pardon Ferdinanda II.<\/td>\n<\/tr>\n<tr>\n<td>&nbsp;<\/td>\n<td>&nbsp;<\/td>\n<td>&nbsp;<\/td>\n<\/tr>\n<tr>\n<td>&nbsp;<\/td>\n<td>&nbsp;<\/td>\n<td><b>1625<\/b> &#8211; Albrecht z Vald\u0161tejna se st\u00e1v\u00e1 vrchn\u00edm velitelem c\u00edsa\u0159sk\u00fdch vojsk.<\/td>\n<\/tr>\n<tr>\n<td>&nbsp;<\/td>\n<td>&nbsp;<\/td>\n<td><b>1626<\/b> &#8211; Bitva u Dessavy<\/td>\n<\/tr>\n<tr>\n<td>&nbsp;<\/td>\n<td>&nbsp;<\/td>\n<td><b>1627<\/b> &#8211; Ferdinand III. Habsbursk\u00fd byl korunov\u00e1n \u010desk\u00fdm kr\u00e1lem.<\/td>\n<\/tr>\n<tr>\n<td>&nbsp;<\/td>\n<td>&nbsp;<\/td>\n<td>&nbsp;<\/td>\n<\/tr>\n<tr>\n<td>&nbsp;<\/td>\n<td><b>1631<\/b> &#8211; Pra\u017esk\u00fd arcibiskup kardin\u00e1l Arno\u0161t Harrach na\u0159\u00eddil reformu c\u00edrkevn\u00ed spr\u00e1vy, v rozhoduj\u00edc\u00ed v\u011bt\u0161in\u011b farnost\u00ed se zavedly matriky.<\/td>\n<td>&nbsp;<\/td>\n<\/tr>\n<tr>\n<td>&nbsp;<\/td>\n<td>&nbsp;<\/td>\n<td><b>1632<\/b> &#8211; Bitva u L\u00fctzenu<\/td>\n<\/tr>\n<tr>\n<td>&nbsp;<\/td>\n<td>&nbsp;<\/td>\n<td><b>1634<\/b> &#8211; V Chebu zavra\u017ed\u011bn Albrecht z Vald\u0161tejna<\/td>\n<\/tr>\n<tr>\n<td>&nbsp;<\/td>\n<td>&nbsp;<\/td>\n<td><b>1635<\/b> &#8211; Ferdinand II. postupuje Sasku \u00fazem\u00ed Horn\u00ed i Doln\u00ed Lu\u017eice uzav\u0159en\u00edm separ\u00e1tn\u00edho m\u00edru (tzv. pra\u017esk\u00fd m\u00edr), co\u017e znamenalo trvalou ztr\u00e1tu tohoto historick\u00e9ho \u00fazem\u00ed Koruny \u010desk\u00e9.<\/td>\n<\/tr>\n<tr>\n<td>&nbsp;<\/td>\n<td>&nbsp;<\/td>\n<td>&nbsp;<\/td>\n<\/tr>\n<tr>\n<td>&nbsp;<\/td>\n<td>&nbsp;<\/td>\n<td><b>1637<\/b> &#8211; Zem\u0159el \u0159\u00edmsk\u00fd c\u00edsa\u0159 Ferdinand II.<\/td>\n<\/tr>\n<tr>\n<td>&nbsp;<\/td>\n<td>&nbsp;<\/td>\n<td>&nbsp;<\/td>\n<\/tr>\n<tr>\n<td>&nbsp;<\/td>\n<td>&nbsp;<\/td>\n<td>&nbsp;<\/td>\n<\/tr>\n<tr>\n<td>&nbsp;<\/td>\n<td>&nbsp;<\/td>\n<td><b>1645<\/b> &#8211; Bitva u Jankova<\/td>\n<\/tr>\n<tr>\n<td>&nbsp;<\/td>\n<td>&nbsp;<\/td>\n<td><b>1645<\/b> &#8211; Obl\u00e9h\u00e1n\u00ed Brna<\/td>\n<\/tr>\n<tr>\n<td>&nbsp;<\/td>\n<td>&nbsp;<\/td>\n<td><b>1647<\/b> &#8211; Bitva u T\u0159ebele<\/td>\n<\/tr>\n<tr>\n<td>&nbsp;<\/td>\n<td>&nbsp;<\/td>\n<td><b>1648<\/b> &#8211; Obl\u00e9h\u00e1n\u00ed Prahy<\/td>\n<\/tr>\n<tr>\n<td>&nbsp;<\/td>\n<td>&nbsp;<\/td>\n<td><b>1648<\/b> &#8211; Uzav\u0159en\u00edm vestf\u00e1lsk\u00e9ho m\u00edru skon\u010dila t\u0159icetilet\u00e1 v\u00e1lka.<\/td>\n<\/tr>\n<tr>\n<td>&nbsp;<\/td>\n<td><b>1650<\/b> &#8211; Zalo\u017een\u00ed nov\u00fdch farnost\u00ed, a\u010d se na tom usnesl sn\u011bm, se pro nedostatek kn\u011b\u017e\u00ed nerealizovalo.<\/td>\n<td>&nbsp;<\/td>\n<\/tr>\n<tr>\n<td>&nbsp;<\/td>\n<td><b>1651<\/b> &#8211; Ferdinand III. nechal ud\u011blat soupis v\u0161ech poddan\u00fdch podle v\u00edry.<\/td>\n<td>&nbsp;<\/td>\n<\/tr>\n<tr>\n<td>&nbsp;<\/td>\n<td>&nbsp;<\/td>\n<td>&nbsp;<\/td>\n<\/tr>\n<tr>\n<td>&nbsp;<\/td>\n<td><b>1655<\/b> &#8211; V bern\u00ed rule byly seps\u00e1ny v\u0161echny kraje v\u010detn\u011b Prahy a Kladska s v\u00fdjimkou Chebska. Stav v\u011bt\u0161inou odpov\u00edd\u00e1 roku 1654 [\u010cechy]<\/td>\n<td>&nbsp;<\/td>\n<\/tr>\n<tr>\n<td>&nbsp;<\/td>\n<td><b>1656<\/b> &#8211; Bern\u00edmu \u00fa\u0159adu odevzd\u00e1ny p\u0159izn\u00e1vac\u00ed listy [Morava]<\/td>\n<td>&nbsp;<\/td>\n<\/tr>\n<tr>\n<td>&nbsp;<\/td>\n<td><b>1657<\/b> &#8211; Prvn\u00ed l\u00e1nov\u00e1 visitace [Morava]<\/td>\n<td><b>1657<\/b> &#8211; Zem\u0159el Ferdinand III. a \u010desk\u00fdm kr\u00e1lem byl korunov\u00e1n jeho syn Leopold I.<\/td>\n<\/tr>\n<tr>\n<td>&nbsp;<\/td>\n<td><b>1658<\/b> &#8211; Druh\u00e1 l\u00e1nov\u00e1 visitace [Morava]<\/td>\n<td>&nbsp;<\/td>\n<\/tr>\n<tr>\n<td>&nbsp;<\/td>\n<td>&nbsp;<\/td>\n<td>&nbsp;<\/td>\n<\/tr>\n<tr>\n<td>&nbsp;<\/td>\n<td>&nbsp;<\/td>\n<td>&nbsp;<\/td>\n<\/tr>\n<tr>\n<td>&nbsp;<\/td>\n<td><b>1667<\/b> &#8211; Po\u010d\u00e1tek revisitace bern\u00ed ruly. Pokra\u010doval a\u017e do roku 1682 [\u010cechy]<\/td>\n<td>&nbsp;<\/td>\n<\/tr>\n<tr>\n<td>&nbsp;<\/td>\n<td><b>1667<\/b> &#8211; Vytvo\u0159en seznam kom\u00edn\u016f [Morava]<\/td>\n<td>&nbsp;<\/td>\n<\/tr>\n<tr>\n<td>&nbsp;<\/td>\n<td>&nbsp;<\/td>\n<td>&nbsp;<\/td>\n<\/tr>\n<tr>\n<td>&nbsp;<\/td>\n<td><b>1669<\/b> &#8211; Po\u010d\u00e1tek vzniku l\u00e1nov\u00e9ho rejst\u0159\u00edku (dokon\u010den v roce 1679) [Morava]<\/td>\n<td>&nbsp;<\/td>\n<\/tr>\n<tr>\n<td>&nbsp;<\/td>\n<td>&nbsp;<\/td>\n<td>&nbsp;<\/td>\n<\/tr>\n<tr>\n<td>&nbsp;<\/td>\n<td>&nbsp;<\/td>\n<td>&nbsp;<\/td>\n<\/tr>\n<tr>\n<td>&nbsp;<\/td>\n<td>&nbsp;<\/td>\n<td>&nbsp;<\/td>\n<\/tr>\n<tr>\n<td>&nbsp;<\/td>\n<td><b>1683<\/b> &#8211; Kinsk\u00e9ho katastr\u00e1ln\u00ed reforma [\u010cechy]<\/td>\n<td><b>1683<\/b> &#8211; Obl\u00e9h\u00e1n\u00ed V\u00eddn\u011b Turky<\/td>\n<\/tr>\n<tr>\n<td>&nbsp;<\/td>\n<td>&nbsp;<\/td>\n<td>&nbsp;<\/td>\n<\/tr>\n<tr>\n<td>&nbsp;<\/td>\n<td><b>1685<\/b> &#8211; Pra\u017esk\u00e1 synoda na\u0159\u00eddila duchovn\u00edm, aby sami zapisovali do matrik &#8211; podle n\u011bkolika p\u00edsa\u0159sk\u00fdch rukou v matrice nebylo z\u0159ejm\u011b zcela dodr\u017eov\u00e1no.<\/td>\n<td>&nbsp;<\/td>\n<\/tr>\n<tr>\n<td>&nbsp;<\/td>\n<td>&nbsp;<\/td>\n<td>&nbsp;<\/td>\n<\/tr>\n<tr>\n<td>&nbsp;<\/td>\n<td>&nbsp;<\/td>\n<td>&nbsp;<\/td>\n<\/tr>\n<tr>\n<td>&nbsp;<\/td>\n<td>&nbsp;<\/td>\n<td>&nbsp;<\/td>\n<\/tr>\n<tr>\n<td colspan=3 style=\"font-size: 30px;\"><b>1700<\/b> \u2014\u2014\u2014\u2014\u2014\u2014\u2014\u2014\u2014\u2014\u2014\u2014\u2014\u2014\u2014\u2014\u2014\u2014\u2014\u2014\u2014\u2014\u2014\u2014\u2014\u2014\u2014\u2014\u2014\u2014\u2014<\/td>\n<\/tr>\n<tr>\n<td>&nbsp;<\/td>\n<td>&nbsp;<\/td>\n<td>&nbsp;<\/td>\n<\/tr>\n<tr>\n<td>&nbsp;<\/td>\n<td>&nbsp;<\/td>\n<td><b>1704<\/b> &#8211; Bitva u H\u00f6chst\u00e4dtu<\/td>\n<\/tr>\n<tr>\n<td>&nbsp;<\/td>\n<td>&nbsp;<\/td>\n<td><b>1705<\/b> &#8211; Zem\u0159el Leopold I. A \u0159\u00edmsk\u00fdm c\u00edsa\u0159em se st\u00e1v\u00e1 Josef I. Habsbursk\u00fd, kter\u00fd se nenechal korunovat \u010desk\u00fdm kr\u00e1lem.<\/td>\n<\/tr>\n<tr>\n<td>&nbsp;<\/td>\n<td>&nbsp;<\/td>\n<td>&nbsp;<\/td>\n<\/tr>\n<tr>\n<td>&nbsp;<\/td>\n<td>&nbsp;<\/td>\n<td><b>1711<\/b> &#8211; Zem\u0159el Josef I. Habsbursk\u00fd. \u0158\u00edmsk\u00fdm c\u00edsa\u0159em se st\u00e1v\u00e1 syn Leopolda I. Karel VI., kter\u00fd byl jako Karel II.v roce 1723 korunov\u00e1n \u010desk\u00fdm kr\u00e1lem.<\/td>\n<\/tr>\n<tr>\n<td>&nbsp;<\/td>\n<td><b>1712<\/b> &#8211; Pra\u017esk\u00e1 konzisto\u0159 na\u0159\u00eddila revize matrik a jejich ochranu, co\u017e bylo \u00fakolem vik\u00e1\u0159\u016f.<\/td>\n<td>&nbsp;<\/td>\n<\/tr>\n<tr>\n<td>&nbsp;<\/td>\n<td><b>1713<\/b> &#8211; Odevzdan\u00e1 poddansk\u00e1 p\u0159izn\u00e1n\u00ed &#8222;fase&#8220; n\u011bkde a\u017e b\u011bhem roku 1715. Zpracov\u00e1na v roce 1716 [\u010cechy]<\/td>\n<td>&nbsp;<\/td>\n<\/tr>\n<tr>\n<td>&nbsp;<\/td>\n<td><b>1715<\/b> &#8211; Okul\u00e1rn\u00ed visitace. Kontrola poddansk\u00fdch p\u0159izn\u00e1n\u00ed prob\u00edhala a\u017e do rok 1727 v\u00fdjime\u010dn\u011b a\u017e do roku 1729 [\u010cechy]<\/td>\n<td>&nbsp;<\/td>\n<\/tr>\n<tr>\n<td>&nbsp;<\/td>\n<td><b>1716<\/b> &#8211; Vydan\u00e1 M\u00fcllerova mapa Morava<\/td>\n<td>&nbsp;<\/td>\n<\/tr>\n<tr>\n<td>&nbsp;<\/td>\n<td><b>1720<\/b> &#8211; Vydan\u00e1 M\u00fcllerova mapa \u010cech<\/td>\n<td>&nbsp;<\/td>\n<\/tr>\n<tr>\n<td>&nbsp;<\/td>\n<td>&nbsp;<\/td>\n<td>&nbsp;<\/td>\n<\/tr>\n<tr>\n<td>&nbsp;<\/td>\n<td>&nbsp;<\/td>\n<td>&nbsp;<\/td>\n<\/tr>\n<tr>\n<td>&nbsp;<\/td>\n<td>&nbsp;<\/td>\n<td>&nbsp;<\/td>\n<\/tr>\n<tr>\n<td>&nbsp;<\/td>\n<td>&nbsp;<\/td>\n<td>&nbsp;<\/td>\n<\/tr>\n<tr>\n<td>&nbsp;<\/td>\n<td>&nbsp;<\/td>\n<td><b>1740<\/b> &#8211; Um\u00edr\u00e1 Josef I. a \u010deskou kr\u00e1lovnou se st\u00e1v\u00e1 Marie Terezie.<\/td>\n<\/tr>\n<tr>\n<td>&nbsp;<\/td>\n<td>&nbsp;<\/td>\n<td><b>1740<\/b> &#8211; Prvn\u00ed slezsk\u00e1 v\u00e1lka. Prusk\u00fd kr\u00e1l Fridrich II. v roce 1741 obsadil Slezsko.<\/td>\n<\/tr>\n<tr>\n<td>&nbsp;<\/td>\n<td>&nbsp;<\/td>\n<td><b>1741<\/b> &#8211; Bavorsko-Rakousk\u00e1 v\u00e1lka. V listopadu t\u00e9ho\u017e roku byla bavorsko-francouzsk\u00fdmi vojsky obsazena Praha.<\/td>\n<\/tr>\n<tr>\n<td>&nbsp;<\/td>\n<td>&nbsp;<\/td>\n<td><b>1741<\/b> &#8211; Bitva u P\u00edsku<\/td>\n<\/tr>\n<tr>\n<td>&nbsp;<\/td>\n<td>&nbsp;<\/td>\n<td><b>1742<\/b> &#8211; Podeps\u00e1na berl\u00ednsk\u00e1 m\u00edrov\u00e1 smlouva. Marie Terezie a \u00fazem\u00ed Koruny \u010desk\u00e9 definitivn\u011b p\u0159ich\u00e1z\u00ed o Kladsko a skoro cel\u00e9 Slezsko.<\/td>\n<\/tr>\n<tr>\n<td>&nbsp;<\/td>\n<td>&nbsp;<\/td>\n<td><b>1742<\/b> &#8211; Bavorsko-francouzsk\u00e1 vojska vytla\u010dena do Bavorska a nast\u00e1v\u00e1 dvoulet\u00e1 okupace Bavor Habsbursk\u00fdmi vojsky.<\/td>\n<\/tr>\n<tr>\n<td>&nbsp;<\/td>\n<td>&nbsp;<\/td>\n<td><b>1742<\/b> &#8211; Bitva u Chotusic<\/td>\n<\/tr>\n<tr>\n<td>&nbsp;<\/td>\n<td>&nbsp;<\/td>\n<td><b>1742<\/b> &#8211; Bitva u Zah\u00e1j\u00ed<\/td>\n<\/tr>\n<tr>\n<td>&nbsp;<\/td>\n<td>&nbsp;<\/td>\n<td><b>1744<\/b> &#8211; Druh\u00e1 slezsk\u00e1 v\u00e1lka. Vp\u00e1d prusk\u00e9ho kr\u00e1le Fridricha II. do v\u00fdchodn\u00edch \u010cech.<\/td>\n<\/tr>\n<tr>\n<td>&nbsp;<\/td>\n<td>&nbsp;<\/td>\n<td><b>1744<\/b> &#8211; Bitva u T\u00fdna nad Vltavou<\/td>\n<\/tr>\n<tr>\n<td>&nbsp;<\/td>\n<td>&nbsp;<\/td>\n<td><b>1745<\/b> &#8211; Bitva u \u017d\u010f\u00e1ru<\/td>\n<\/tr>\n<tr>\n<td>&nbsp;<\/td>\n<td>&nbsp;<\/td>\n<td><b>1745<\/b> &#8211; Uzav\u0159en\u00edm m\u00edru kon\u010d\u00ed Bavorsko-Rakousk\u00e1 v\u00e1lka.<\/td>\n<\/tr>\n<tr>\n<td>&nbsp;<\/td>\n<td>&nbsp;<\/td>\n<td><b>1745<\/b> &#8211; Uzav\u0159en dr\u00e1\u017e\u010fansk\u00fd m\u00edr, kter\u00fd potvrzoval pruskou dr\u017ebu Slezska.<\/td>\n<\/tr>\n<tr>\n<td>&nbsp;<\/td>\n<td><b>1748<\/b> &#8211; Vyhl\u00e1\u0161ena platnost prvn\u00edho terezi\u00e1nsk\u00e9ho katastru [\u010cechy]<\/td>\n<td>&nbsp;<\/td>\n<\/tr>\n<tr>\n<td>&nbsp;<\/td>\n<td><b>1748<\/b> &#8211; Ustavena hlavn\u00ed rektifika\u010dn\u00ed komise Terezi\u00e1nsk\u00e9ho katastru. Pracovala do roku 1749. [Morava]<\/td>\n<td>&nbsp;<\/td>\n<\/tr>\n<tr>\n<td>&nbsp;<\/td>\n<td><b>1749<\/b> &#8211; Poddansk\u00e1 p\u0159izn\u00e1vac\u00ed tabulka. [Morava]<\/td>\n<td>&nbsp;<\/td>\n<\/tr>\n<tr>\n<td>&nbsp;<\/td>\n<td>&nbsp;<\/td>\n<td>&nbsp;<\/td>\n<\/tr>\n<tr>\n<td>&nbsp;<\/td>\n<td><b>1753<\/b> &#8211; Z\u0159\u00edzena v Praze prvn\u00ed \u0161kola pro porodn\u00ed b\u00e1by.<\/td>\n<td>&nbsp;<\/td>\n<\/tr>\n<tr>\n<td>&nbsp;<\/td>\n<td>&nbsp;<\/td>\n<td><b>1756<\/b> &#8211; Za\u010d\u00e1tek sedmilet\u00e9 v\u00e1lky s prusk\u00fdm kr\u00e1lem Fridrichem II.<\/td>\n<\/tr>\n<tr>\n<td>&nbsp;<\/td>\n<td>&nbsp;<\/td>\n<td><b>1756<\/b> &#8211; Bitva u Lovosic<\/td>\n<\/tr>\n<tr>\n<td>&nbsp;<\/td>\n<td><b>1757<\/b> &#8211; Za\u010d\u00e1tek platnosti druh\u00e9ho terezi\u00e1nsk\u00e9ho katastru. Stav odpov\u00edd\u00e1 let\u016fm 1751-1753 [\u010cechy]<\/td>\n<td><b>1757<\/b> &#8211; Bitva u Liberce<\/td>\n<\/tr>\n<tr>\n<td>&nbsp;<\/td>\n<td><b>1757<\/b> &#8211; Dominik\u00e1ln\u00ed katastr (platil do roku 1820) [Morava]<\/td>\n<td><b>1757<\/b> &#8211; Bitva u \u0160t\u011brbohol a u Prahy<\/td>\n<\/tr>\n<tr>\n<td>&nbsp;<\/td>\n<td>&nbsp;<\/td>\n<td><b>1757<\/b> &#8211; Obl\u00e9h\u00e1n\u00ed Prahy<\/td>\n<\/tr>\n<tr>\n<td>&nbsp;<\/td>\n<td>&nbsp;<\/td>\n<td><b>1757<\/b> &#8211; Bitva u Kol\u00edna<\/td>\n<\/tr>\n<tr>\n<td>&nbsp;<\/td>\n<td>&nbsp;<\/td>\n<td><b>1758<\/b> &#8211; Obl\u00e9h\u00e1n\u00ed Olomouce<\/td>\n<\/tr>\n<tr>\n<td>&nbsp;<\/td>\n<td>&nbsp;<\/td>\n<td><b>1758<\/b> &#8211; Bitva u Doma\u0161ova<\/td>\n<\/tr>\n<tr>\n<td>&nbsp;<\/td>\n<td>&nbsp;<\/td>\n<td><b>1759<\/b> &#8211; St\u0159etnut\u00ed u Nebes a \u017d\u010f\u00e1ru<\/td>\n<\/tr>\n<tr>\n<td>&nbsp;<\/td>\n<td><b>1760<\/b> &#8211; Vstoupil v platnost Individu\u00e1ln\u00ed katastr\u00e1ln\u00ed extrakt (platil do roku 1820). [Morava]<\/td>\n<td>&nbsp;<\/td>\n<\/tr>\n<tr>\n<td>&nbsp;<\/td>\n<td><b>1760<\/b> &#8211; Na\u0159\u00edzen\u00ed pra\u017esk\u00e9 konsisto\u0159e zavedlo jednotnou latinskou formu matri\u010dn\u00edho z\u00e1pisu (nedodr\u017eovalo se, objevuje se i \u010de\u0161tina \u010di n\u011bm\u010dina). Formule vych\u00e1z\u00ed z \u0159\u00edmsk\u00e9ho ritu\u00e1lu a byla dopln\u011bna o poddanskou p\u0159\u00edslu\u0161nost rodi\u010d\u016f k\u0159t\u011bn\u00fdch a oddan\u00fdch.<\/td>\n<td>&nbsp;<\/td>\n<\/tr>\n<tr>\n<td>&nbsp;<\/td>\n<td>&nbsp;<\/td>\n<td><b>1763<\/b> &#8211; Ukon\u010dena sedmilet\u00e1 v\u00e1lka.<\/td>\n<\/tr>\n<tr>\n<td>&nbsp;<\/td>\n<td><b>1764<\/b> &#8211; Po\u010d\u00e1tek I. vojensk\u00e9ho mapov\u00e1n\u00ed &#8211; Josefsk\u00e9ho (skon\u010deno 1768).<\/td>\n<td>&nbsp;<\/td>\n<\/tr>\n<tr>\n<td>&nbsp;<\/td>\n<td><b>1766<\/b> &#8211; \u017didovsk\u00fdm synagog\u00e1m bylo na\u0159\u00edzeno v\u00e9st matriky narozen\u00fdch chlapc\u016f.<\/td>\n<td>&nbsp;<\/td>\n<\/tr>\n<tr>\n<td>&nbsp;<\/td>\n<td><b>1767<\/b> &#8211; Pro porodn\u00ed b\u00e1by zavedena povinnost hl\u00e1sit far\u00e1\u0159i nast\u00e1vaj\u00edc\u00ed svobodn\u00e9 matky<\/td>\n<td>&nbsp;<\/td>\n<\/tr>\n<tr>\n<td>&nbsp;<\/td>\n<td><b>1768<\/b> &#8211; Vojensk\u00fdm duchovn\u00edm bylo na\u0159\u00edzeno veden\u00ed vojensk\u00fdch matrik.<\/td>\n<td>&nbsp;<\/td>\n<\/tr>\n<tr>\n<td>&nbsp;<\/td>\n<td><b>1770<\/b> &#8211; Uz\u00e1kon\u011bno \u010d\u00edslov\u00e1n\u00ed dom\u016f. Prob\u00edhalo a\u017e do roku 1771. N\u00e1sledn\u011b se objevuje v matrik\u00e1ch [\u010cechy]<\/td>\n<td>&nbsp;<\/td>\n<\/tr>\n<tr>\n<td>&nbsp;<\/td>\n<td><b>1770<\/b> &#8211; V sedmdes\u00e1t\u00fdch letech 18. stolet\u00ed st\u00e1tn\u00ed na\u0159\u00edzen\u00ed umo\u017enilo bezplatn\u00fd z\u00e1pis k\u0159tu, zak\u00e1zalo ps\u00e1t jm\u00e9na po chalup\u011b a jm\u00e9na neman\u017eelsk\u00fdch otc\u016f.<\/td>\n<td>&nbsp;<\/td>\n<\/tr>\n<tr>\n<td>&nbsp;<\/td>\n<td><b>1770<\/b> &#8211; Nejvy\u0161\u0161\u00ed reskript na\u0159\u00eddil duchovn\u00edm zas\u00edlat \u010dtvrtletn\u011b krajsk\u00fdm hejtman\u016fm v\u00fdkazy ze v\u0161ech druh\u016f matrik s odkazy na \u010d\u00edsla dom\u016f.<\/td>\n<td>&nbsp;<\/td>\n<\/tr>\n<tr>\n<td>&nbsp;<\/td>\n<td><b>1770<\/b> &#8211; Na\u0159\u00edzen\u00ed pra\u017esk\u00e9 konsisto\u0159e v\u00e9st matriky na formul\u00e1\u0159\u00edch s rubrikami, kter\u00e9 vydala arcibiskupsk\u00e1 tisk\u00e1rna.<\/td>\n<td>&nbsp;<\/td>\n<\/tr>\n<tr>\n<td>&nbsp;<\/td>\n<td>&nbsp;<\/td>\n<td>&nbsp;<\/td>\n<\/tr>\n<tr>\n<td>&nbsp;<\/td>\n<td><b>1775<\/b> &#8211; Vy\u0161lo na\u0159\u00edzen\u00ed o povinn\u00e9m zkou\u0161en\u00ed porodn\u00edch bab.<\/td>\n<td><b>1775<\/b> &#8211; Por\u00e1\u017eka selsk\u00e9ho povst\u00e1n\u00ed u Chlumce<\/td>\n<\/tr>\n<tr>\n<td>&nbsp;<\/td>\n<td>&nbsp;<\/td>\n<td>&nbsp;<\/td>\n<\/tr>\n<tr>\n<td>&nbsp;<\/td>\n<td><b>1778<\/b> &#8211; Z\u0159\u00edzena v Brn\u011b druh\u00e1 \u0161kola pro porodn\u00ed b\u00e1by.<\/td>\n<td>&nbsp;<\/td>\n<\/tr>\n<tr>\n<td>&nbsp;<\/td>\n<td><b>1780<\/b> &#8211; Po\u010d\u00e1tek rektifikace I. Vojensk\u00e9ho mapov\u00e1n\u00ed &#8211; Josefsk\u00e9ho (skon\u010deno 1783).<\/td>\n<td><b>1780<\/b> &#8211; Um\u00edr\u00e1 Marie Terezie. Nekorunovan\u00fdm kr\u00e1lem se st\u00e1v\u00e1 jej\u00ed syn Josef II.<\/td>\n<\/tr>\n<tr>\n<td>&nbsp;<\/td>\n<td><b>1780<\/b> &#8211; Uz\u00e1konn\u011bna povinnost a pravidla u\u017e\u00edv\u00e1n\u00ed d\u011bdi\u010dn\u00e9ho p\u0159\u00edjmen\u00ed.<\/td>\n<td>&nbsp;<\/td>\n<\/tr>\n<tr>\n<td>&nbsp;<\/td>\n<td><b>1781<\/b> &#8211; Matriky prohl\u00e1\u0161eny za ve\u0159ejnou listinu; od t\u00e9to doby je tak\u00e9 d\u016fsledn\u011b ps\u00e1no datum narozen\u00ed a \u00famrt\u00ed a nikoliv jako p\u0159edt\u00edm datum k\u0159tu a poh\u0159bu (slou\u017eily skute\u010dn\u011b jen c\u00edrkevn\u00edm \u00fa\u010del\u016fm).<\/td>\n<td>&nbsp;<\/td>\n<\/tr>\n<tr>\n<td>&nbsp;<\/td>\n<td><b>1781<\/b> &#8211; Toleran\u010dn\u00ed patent &#8211; po\u010d\u00e1tek evangelick\u00fdch nekatolick\u00fdch (jen st\u00e1tem uznan\u00fdch) c\u00edrkv\u00ed a jejich matrik, kter\u00e9 v\u0161ak byly vedeny pouze pro c\u00edrkevn\u00ed \u00fa\u010dely, nem\u011bly ve\u0159ejnopr\u00e1vn\u00ed platnost. Evangeli\u010dt\u00ed duchovn\u00ed museli v\u0161echny \u00fakony hl\u00e1sit katolick\u00fdm far\u00e1\u0159\u016fm, aby ti je zapsali do \u0159\u00edmskokatolick\u00fdch matrik.<\/td>\n<td>&nbsp;<\/td>\n<\/tr>\n<tr>\n<td>&nbsp;<\/td>\n<td><b>1782<\/b> &#8211; Na\u0159\u00edzen\u00edm Josefa II. zv\u00fd\u0161en po\u010det far a lok\u00e1li\u00ed (alespo\u0148 pro 700 obyvatel a max. 1 hodina cesty do nejbli\u017e\u0161\u00edho kostela).<\/td>\n<td>&nbsp;<\/td>\n<\/tr>\n<tr>\n<td>&nbsp;<\/td>\n<td><b>1783<\/b> &#8211; \u0160kola pro porodn\u00ed b\u00e1by p\u0159esunuta z Brna do Olomouce.<\/td>\n<td>&nbsp;<\/td>\n<\/tr>\n<tr>\n<td>&nbsp;<\/td>\n<td><b>1783<\/b> &#8211; \u017didovsk\u00fdm synagog\u00e1m na\u0159\u00edzeno v\u00e9st matriky narozen\u00fdch i pro d\u00edvky.<\/td>\n<td>&nbsp;<\/td>\n<\/tr>\n<tr>\n<td>&nbsp;<\/td>\n<td><b>1784<\/b> &#8211; Patent Josefa II. o matrik\u00e1ch na\u0159\u00eddil nov\u00fd formul\u00e1\u0159, kter\u00fd byl s mal\u00fdmi obm\u011bnami pou\u017e\u00edv\u00e1n a\u017e do roku 1949.<\/td>\n<td>&nbsp;<\/td>\n<\/tr>\n<tr>\n<td>&nbsp;<\/td>\n<td><b>1784<\/b> &#8211; \u017didovsk\u00fdm rab\u00edn\u016fm na\u0159\u00edzeno v\u00e9st stejn\u00e9 matriky jako \u0159\u00edmskokatolick\u00e1 c\u00edrkevn\u00ed spr\u00e1va.<\/td>\n<td>&nbsp;<\/td>\n<\/tr>\n<tr>\n<td>&nbsp;<\/td>\n<td><b>1784<\/b> &#8211; Dvorsk\u00fd dekret na\u0159\u00eddil v\u00e9st matriky v samostatn\u00fdch odd\u00edlech nebo knih\u00e1ch pro ka\u017ed\u00e9 m\u00edsto.<\/td>\n<td>&nbsp;<\/td>\n<\/tr>\n<tr>\n<td>&nbsp;<\/td>\n<td><b>1787<\/b> &#8211; \u017did\u016fm na\u0159\u00edzeno volit si nem\u011bnn\u00e9 p\u0159\u00edjmen\u00ed.<\/td>\n<td>&nbsp;<\/td>\n<\/tr>\n<tr>\n<td>&nbsp;<\/td>\n<td>&nbsp;<\/td>\n<td>&nbsp;<\/td>\n<\/tr>\n<tr>\n<td>&nbsp;<\/td>\n<td><b>1789<\/b> &#8211; Zavedena povinnost uv\u00e1d\u011bt porodn\u00ed b\u00e1bu v matrik\u00e1ch.<\/td>\n<td><b>1789<\/b> &#8211; Urbari\u00e1ln\u00ed reforma Josefa II.<\/td>\n<\/tr>\n<tr>\n<td>&nbsp;<\/td>\n<td><b>1789<\/b> &#8211; Po\u010d\u00e1tek platnosti Josefsk\u00e9ho katastru. Po\u010d\u00e1tek vym\u011b\u0159ov\u00e1n\u00ed sah\u00e1 do roku 1784.<\/td>\n<td>&nbsp;<\/td>\n<\/tr>\n<tr>\n<td>&nbsp;<\/td>\n<td><b>1789<\/b> &#8211; Dvorsk\u00fd dekret stanovil formul\u00e1\u0159e k\u0159estn\u00edch, oddac\u00edch a \u00famrtn\u00edch list\u016f.<\/td>\n<td>&nbsp;<\/td>\n<\/tr>\n<tr>\n<td>&nbsp;<\/td>\n<td><b>1790<\/b> &#8211; Zru\u0161en\u00ed platnosti Josefsk\u00e9ho katastru.<\/td>\n<td><b>1790<\/b> &#8211; Zem\u0159el Josef II. a na c\u00edsa\u0159sk\u00fd tr\u016fn dosed\u00e1 Leopold II. syn Marie Terezie.1791 byl korunov\u00e1n \u010desk\u00fdm kr\u00e1lem.<\/td>\n<\/tr>\n<tr>\n<td>&nbsp;<\/td>\n<td><b>1790<\/b> &#8211; Dvorsk\u00fd dekret na\u0159\u00eddil v\u00e9st indexy k matrik\u00e1m.<\/td>\n<td>&nbsp;<\/td>\n<\/tr>\n<tr>\n<td>&nbsp;<\/td>\n<td><b>1792<\/b> &#8211; Vznik katastr\u00e1ln\u00edch rozd\u011blovac\u00edch sum\u00e1\u0159\u016f (a\u017e do roku 1794). [\u010cechy]<\/td>\n<td><b>1792<\/b> &#8211; Um\u00edr\u00e1 Leopold II. a \u010desk\u00fdm kr\u00e1lem byl v t\u00e9m\u017ee roce korunov\u00e1n Franti\u0161ek I. Rakousk\u00fd. Byl posledn\u00edm c\u00edsa\u0159em \u0159\u00edmsk\u00fdm a prvn\u00edm c\u00edsa\u0159em rakousk\u00fdm.<\/td>\n<\/tr>\n<tr>\n<td>&nbsp;<\/td>\n<td><b>1792<\/b> &#8211; Na\u0159\u00edzeno foliov\u00e1n\u00ed matrik.<\/td>\n<td>&nbsp;<\/td>\n<\/tr>\n<tr>\n<td>&nbsp;<\/td>\n<td>&nbsp;<\/td>\n<td>&nbsp;<\/td>\n<\/tr>\n<tr>\n<td>&nbsp;<\/td>\n<td><b>1799<\/b> &#8211; \u010cesk\u00e9 gubernium na\u0159\u00eddilo veden\u00ed matri\u010dn\u00edch duplik\u00e1t\u016f, ro\u010dn\u00ed opis potvrzen\u00fd vik\u00e1\u0159em byl zas\u00edl\u00e1n konsisto\u0159i.<\/td>\n<td>&nbsp;<\/td>\n<\/tr>\n<tr>\n<td colspan=3 style=\"font-size: 30px;\"><b>1800<\/b> \u2014\u2014\u2014\u2014\u2014\u2014\u2014\u2014\u2014\u2014\u2014\u2014\u2014\u2014\u2014\u2014\u2014\u2014\u2014\u2014\u2014\u2014\u2014\u2014\u2014\u2014\u2014\u2014\u2014\u2014\u2014<\/td>\n<\/tr>\n<tr>\n<td>&nbsp;<\/td>\n<td>&nbsp;<\/td>\n<td>&nbsp;<\/td>\n<\/tr>\n<tr>\n<td>&nbsp;<\/td>\n<td><b>1804<\/b> &#8211; Zavedena povinnost absolvov\u00e1n\u00ed porodn\u00ed \u0161koly.<\/td>\n<td>&nbsp;<\/td>\n<\/tr>\n<tr>\n<td>&nbsp;<\/td>\n<td><b>1805<\/b> &#8211; Po\u010d\u00e1tek prvn\u00ed vlny p\u0159e\u010d\u00edslov\u00e1n\u00ed budov ve m\u011bstech. Prvn\u00ed vlna trvala zhruba do rok 1815. [\u010cechy]<\/td>\n<td><b>1805<\/b> &#8211; Bitva u Slavkova<\/td>\n<\/tr>\n<tr>\n<td>&nbsp;<\/td>\n<td>&nbsp;<\/td>\n<td><b>1805<\/b> &#8211; Bitva u \u0160tok\u016f<\/td>\n<\/tr>\n<tr>\n<td>&nbsp;<\/td>\n<td>&nbsp;<\/td>\n<td>&nbsp;<\/td>\n<\/tr>\n<tr>\n<td>&nbsp;<\/td>\n<td>&nbsp;<\/td>\n<td><b>1809<\/b> &#8211; Bitva u Znojma<\/td>\n<\/tr>\n<tr>\n<td>&nbsp;<\/td>\n<td><b>1811<\/b> &#8211; Guberni\u00e1ln\u00ed na\u0159\u00edzen\u00ed stanovilo pr\u016fb\u011b\u017en\u00e9 \u010d\u00edslov\u00e1n\u00ed matri\u010dn\u00edch z\u00e1pis\u016f.<\/td>\n<td>&nbsp;<\/td>\n<\/tr>\n<tr>\n<td>&nbsp;<\/td>\n<td><b>1811<\/b> &#8211; Dekret dvorsk\u00e9 kancel\u00e1\u0159e o dopl\u0148ov\u00e1n\u00ed po\u0161kozen\u00fdch a obnovov\u00e1n\u00ed ztracen\u00fdch matrik.<\/td>\n<td>&nbsp;<\/td>\n<\/tr>\n<tr>\n<td>&nbsp;<\/td>\n<td>&nbsp;<\/td>\n<td>&nbsp;<\/td>\n<\/tr>\n<tr>\n<td>&nbsp;<\/td>\n<td><b>1813<\/b> &#8211; Vznik povol\u00e1n\u00ed porodn\u00ed b\u00e1by placen\u00e9 st\u00e1tem.<\/td>\n<td><b>1813<\/b> &#8211; Bitva n\u00e1rod\u016f u Lipska<\/td>\n<\/tr>\n<tr>\n<td>&nbsp;<\/td>\n<td><b>1813<\/b> &#8211; Vznik nov\u00e9 \u0159ady katastr\u00e1ln\u00edch rozd\u011blovac\u00edch sum\u00e1\u0159\u016f (a\u017e do roku 1814). [\u010cechy]<\/td>\n<td><b>1813<\/b> &#8211; Bitva u Chlumce a P\u0159estanova<\/td>\n<\/tr>\n<tr>\n<td>&nbsp;<\/td>\n<td><b>1816<\/b> &#8211; Na veden\u00ed vojensk\u00fdch matrik byl stanoven zvl\u00e1\u0161tn\u00ed formul\u00e1\u0159. Kopie vojensk\u00fdch matrik bylo na\u0159\u00edzeno pos\u00edlat c.k. poln\u00ed konsisto\u0159i do V\u00eddn\u011b, kde jsou ulo\u017eeny dosud.<\/td>\n<td>&nbsp;<\/td>\n<\/tr>\n<tr>\n<td>&nbsp;<\/td>\n<td><b>1819<\/b> &#8211; Matrika v\u00fdnosu pozemkov\u00e9ho. [Morava]<\/td>\n<td>&nbsp;<\/td>\n<\/tr>\n<tr>\n<td>&nbsp;<\/td>\n<td>&nbsp;<\/td>\n<td>&nbsp;<\/td>\n<\/tr>\n<tr>\n<td>&nbsp;<\/td>\n<td>&nbsp;<\/td>\n<td>&nbsp;<\/td>\n<\/tr>\n<tr>\n<td>&nbsp;<\/td>\n<td><b>1825<\/b> &#8211; Dekret dvorsk\u00e9 kancel\u00e1\u0159e na\u0159\u00eddil zapisovat do matrik jm\u00e9no porodn\u00ed asistentky.<\/td>\n<td>&nbsp;<\/td>\n<\/tr>\n<tr>\n<td>&nbsp;<\/td>\n<td>&nbsp;<\/td>\n<td>&nbsp;<\/td>\n<\/tr>\n<tr>\n<td>&nbsp;<\/td>\n<td><b>1829<\/b> &#8211; Dekret dvorsk\u00e9 kancel\u00e1\u0159e ud\u011blil nekatolick\u00fdm duchovn\u00edm opr\u00e1vn\u011bn\u00ed v\u00e9st matriky narozen\u00fdch, oddan\u00fdch i zem\u0159el\u00fdch (vedli o sv\u00e9 \u00fajm\u011b u\u017e d\u0159\u00edve).<\/td>\n<td>&nbsp;<\/td>\n<\/tr>\n<tr>\n<td>&nbsp;<\/td>\n<td>&nbsp;<\/td>\n<td>&nbsp;<\/td>\n<\/tr>\n<tr>\n<td>&nbsp;<\/td>\n<td>&nbsp;<\/td>\n<td><b>1835<\/b> &#8211; Um\u00edr\u00e1 Franti\u0161ek I. Rakousk\u00fd a \u010desk\u00fdm kr\u00e1lem se st\u00e1v\u00e1 Ferdinand I. Dobrotiv\u00fd.<\/td>\n<\/tr>\n<tr>\n<td>&nbsp;<\/td>\n<td><b>1836<\/b> &#8211; Dokon\u010den\u00ed m\u011b\u0159i\u010dsk\u00fdch prac\u00ed pro Stabiln\u00ed katastr na Morav\u011b.<\/td>\n<td><b>1836<\/b> &#8211; Ferdinand I. Dobrotiv\u00fd byl korunov\u00e1n \u010desk\u00fdm kr\u00e1lem jako Ferdinand V.<\/td>\n<\/tr>\n<tr>\n<td>&nbsp;<\/td>\n<td><b>1836<\/b> &#8211; Po\u010d\u00e1tek II. Vojensk\u00e9ho mapov\u00e1n\u00ed &#8211; Franti\u0161kovo (skon\u010deno 1852).<\/td>\n<td>&nbsp;<\/td>\n<\/tr>\n<tr>\n<td>&nbsp;<\/td>\n<td><b>1837<\/b> &#8211; M\u00edsto opis\u016f matrik se nad\u00e1le vedou 2 origin\u00e1ly s vlastnoru\u010dn\u00edmi podpisy sv\u011bdk\u016f<\/td>\n<td>&nbsp;<\/td>\n<\/tr>\n<tr>\n<td>&nbsp;<\/td>\n<td><b>1840<\/b> &#8211; Na\u0159\u00edzen nov\u00fd formul\u00e1\u0159 matrik &#8211; obdobn\u00fd, ale k formul\u00e1\u0159i z roku 1784 byla p\u0159id\u00e1na podrobn\u00e1 legenda<\/td>\n<td>&nbsp;<\/td>\n<\/tr>\n<tr>\n<td>&nbsp;<\/td>\n<td><b>1843<\/b> &#8211; Dokon\u010den\u00ed m\u011b\u0159i\u010dsk\u00fdch prac\u00ed pro Stabiln\u00ed katastr v \u010cech\u00e1ch.<\/td>\n<td>&nbsp;<\/td>\n<\/tr>\n<tr>\n<td>&nbsp;<\/td>\n<td><b>1844<\/b> &#8211; Do opis\u016f matrik se nazapisovalo podle obc\u00ed, ale chronologicky (a\u017e do roku 1949)<\/td>\n<td>&nbsp;<\/td>\n<\/tr>\n<tr>\n<td>&nbsp;<\/td>\n<td>&nbsp;<\/td>\n<td><b>1848<\/b> &#8211; \u010cesk\u00fdm nekorunovan\u00fdm kr\u00e1lem se st\u00e1v\u00e1 Franti\u0161ek Josef I.<\/td>\n<\/tr>\n<tr>\n<td>&nbsp;<\/td>\n<td><b>1849<\/b> &#8211; Takzvan\u00e1 &#8222;Provizorn\u00ed na\u0159\u00edzen\u00ed&#8220;, j\u00edm\u017e matriky evangelick\u00fdch c\u00edrkv\u00ed nab\u00fdvaj\u00ed st\u00e1tn\u00ed pr\u016fkaznosti. T\u00edm pro evangel\u00edky kon\u010d\u00ed povinnost z\u00e1pisu do katolick\u00e9 matriky.<\/td>\n<td>&nbsp;<\/td>\n<\/tr>\n<tr>\n<td>&nbsp;<\/td>\n<td><b>1850<\/b> &#8211; \u00daprava matri\u010dn\u00edho formul\u00e1\u0159e.<\/td>\n<td>&nbsp;<\/td>\n<\/tr>\n<tr>\n<td>&nbsp;<\/td>\n<td><b>1851<\/b> &#8211; Vstoupil v platnost Stabiln\u00ed katastr na Morav\u011b.<\/td>\n<td>&nbsp;<\/td>\n<\/tr>\n<tr>\n<td>&nbsp;<\/td>\n<td>&nbsp;<\/td>\n<td>&nbsp;<\/td>\n<\/tr>\n<tr>\n<td>&nbsp;<\/td>\n<td>&nbsp;<\/td>\n<td>&nbsp;<\/td>\n<\/tr>\n<tr>\n<td>&nbsp;<\/td>\n<td><b>1860<\/b> &#8211; Vstoupil v platnost Stabiln\u00ed katastr v \u010cech\u00e1ch .<\/td>\n<td>&nbsp;<\/td>\n<\/tr>\n<tr>\n<td>&nbsp;<\/td>\n<td><b>1860<\/b> &#8211; Pra\u017esk\u00fd koncil vydal podrobn\u00e9 p\u0159edpisy o veden\u00ed matrik.<\/td>\n<td>&nbsp;<\/td>\n<\/tr>\n<tr>\n<td>&nbsp;<\/td>\n<td>&nbsp;<\/td>\n<td>&nbsp;<\/td>\n<\/tr>\n<tr>\n<td>&nbsp;<\/td>\n<td>&nbsp;<\/td>\n<td><b>1866<\/b> &#8211; Za\u010d\u00edn\u00e1 Prusko-Rakousk\u00e1 v\u00e1lka. Je\u0161t\u011b t\u00e9ho\u017e roku byla ukon\u010dena.<\/td>\n<\/tr>\n<tr>\n<td>&nbsp;<\/td>\n<td>&nbsp;<\/td>\n<td><b>1866<\/b> &#8211; Bitva u N\u00e1choda, bitva na Doben\u00edn\u011b, bitva u Vysokova a V\u00e1clavic<\/td>\n<\/tr>\n<tr>\n<td>&nbsp;<\/td>\n<td>&nbsp;<\/td>\n<td><b>1866<\/b> &#8211; Bitva u Trutnova<\/td>\n<\/tr>\n<tr>\n<td>&nbsp;<\/td>\n<td>&nbsp;<\/td>\n<td><b>1866<\/b> &#8211; Bitva u \u010cesk\u00e9 Skalice<\/td>\n<\/tr>\n<tr>\n<td>&nbsp;<\/td>\n<td>&nbsp;<\/td>\n<td><b>1866<\/b> &#8211; Bitva u Rub\u00ednovic a Rokytn\u00edku<\/td>\n<\/tr>\n<tr>\n<td>&nbsp;<\/td>\n<td>&nbsp;<\/td>\n<td><b>1866<\/b> &#8211; Bitva u Mnichova Hradi\u0161t\u011b<\/td>\n<\/tr>\n<tr>\n<td>&nbsp;<\/td>\n<td>&nbsp;<\/td>\n<td><b>1866<\/b> &#8211; Bitva u Ji\u010d\u00edna<\/td>\n<\/tr>\n<tr>\n<td>&nbsp;<\/td>\n<td>&nbsp;<\/td>\n<td><b>1866<\/b> &#8211; Bitva u Svini\u0161\u0165an<\/td>\n<\/tr>\n<tr>\n<td>&nbsp;<\/td>\n<td>&nbsp;<\/td>\n<td><b>1866<\/b> &#8211; Bitva u Dvora Kr\u00e1lov\u00e9<\/td>\n<\/tr>\n<tr>\n<td>&nbsp;<\/td>\n<td>&nbsp;<\/td>\n<td><b>1866<\/b> &#8211; Bitva u Hradce Kr\u00e1lov\u00e9, bitva u Sadov\u00e9<\/td>\n<\/tr>\n<tr>\n<td>&nbsp;<\/td>\n<td>&nbsp;<\/td>\n<td><b>1866<\/b> &#8211; Bitva u Tova\u010dova a Dubu<\/td>\n<\/tr>\n<tr>\n<td>&nbsp;<\/td>\n<td><b>1868<\/b> &#8211; Povoleny ob\u010dansk\u00e9 s\u0148atky i pro katol\u00edky. Okresn\u00edm hejtmanstv\u00edm na\u0159\u00edzeno v\u00e9st matriky oddan\u00fdch.<\/td>\n<td>&nbsp;<\/td>\n<\/tr>\n<tr>\n<td>&nbsp;<\/td>\n<td><b>1869<\/b> &#8211; Vznik reambulovan\u00e9ho katastru.<\/td>\n<td>&nbsp;<\/td>\n<\/tr>\n<tr>\n<td>&nbsp;<\/td>\n<td><b>1870<\/b> &#8211; Civiln\u00ed matriky v\u0161ech t\u0159\u00ed druh\u016f zavedeny z\u00e1konem, vedly je okresn\u00ed \u00fa\u0159ady. Z\u00e1pis v nich byl povinn\u00fd pro v\u0161echny osoby jin\u00e9ho, ne\u017e st\u00e1tem uznan\u00e9ho vyzn\u00e1n\u00ed, v\u010detn\u011b bezv\u011brc\u016f.<\/td>\n<td>&nbsp;<\/td>\n<\/tr>\n<tr>\n<td>&nbsp;<\/td>\n<td>&nbsp;<\/td>\n<td>&nbsp;<\/td>\n<\/tr>\n<tr>\n<td>&nbsp;<\/td>\n<td><b>1873<\/b> &#8211; Pra\u017esk\u00e1 synoda vyd\u00e1v\u00e1 podrobn\u00e9 p\u0159edpisy o veden\u00ed matrik.<\/td>\n<td>&nbsp;<\/td>\n<\/tr>\n<tr>\n<td>&nbsp;<\/td>\n<td>&nbsp;<\/td>\n<td><b>1875<\/b> &#8211; Um\u00edr\u00e1 na Pra\u017esk\u00e9m hrad\u011b Ferdinand I. Dobrotiv\u00fd<\/td>\n<\/tr>\n<tr>\n<td>&nbsp;<\/td>\n<td><b>1876<\/b> &#8211; Po\u010d\u00e1tek III. vojensk\u00e9ho mapov\u00e1n\u00ed &#8211; Franti\u0161ko-Josefsk\u00e9 na Morav\u011b (skon\u010deno 1878)<\/td>\n<td>&nbsp;<\/td>\n<\/tr>\n<tr>\n<td>&nbsp;<\/td>\n<td><b>1877<\/b> &#8211; Po\u010d\u00e1tek III. vojensk\u00e9ho mapov\u00e1n\u00ed &#8211; Franti\u0161ko-Josefsk\u00e9 v \u010cech\u00e1ch (skon\u010deno 1880)<\/td>\n<td>&nbsp;<\/td>\n<\/tr>\n<tr>\n<td>&nbsp;<\/td>\n<td>&nbsp;<\/td>\n<td>&nbsp;<\/td>\n<\/tr>\n<tr>\n<td>&nbsp;<\/td>\n<td><b>1881<\/b> &#8211; Ministersk\u00e9 v\u00fdnosy podrobn\u011b upravily pr\u016fb\u011b\u017en\u00e9 \u010d\u00edslov\u00e1n\u00ed matri\u010dn\u00edch z\u00e1pis\u016f (i b\u011bhem roku 1882).<\/td>\n<td>&nbsp;<\/td>\n<\/tr>\n<tr>\n<td>&nbsp;<\/td>\n<td>&nbsp;<\/td>\n<td>&nbsp;<\/td>\n<\/tr>\n<tr>\n<td>&nbsp;<\/td>\n<td><b>1887<\/b> &#8211; Vznik evidovan\u00e9ho katastru.<\/td>\n<td>&nbsp;<\/td>\n<\/tr>\n<tr>\n<td>&nbsp;<\/td>\n<td>&nbsp;<\/td>\n<td>&nbsp;<\/td>\n<\/tr>\n<tr>\n<td>&nbsp;<\/td>\n<td><b>1890<\/b> &#8211; Definitivn\u00ed sjednocen\u00ed matri\u010dn\u00edch formul\u00e1\u0159\u016f na konferenci pra\u017esk\u00e9, litom\u011b\u0159ick\u00e9 a kr\u00e1lov\u00e9hradeck\u00e9 konsisto\u0159e.<\/td>\n<td>&nbsp;<\/td>\n<\/tr>\n<tr>\n<td>&nbsp;<\/td>\n<td><b>1891<\/b> &#8211; Olomouck\u00e1 synoda na\u0159\u00eddila veden\u00ed matrik v \u010desk\u00fdch zem\u00edch.<\/td>\n<td>&nbsp;<\/td>\n<\/tr>\n<tr>\n<td>&nbsp;<\/td>\n<td>&nbsp;<\/td>\n<td>&nbsp;<\/td>\n<\/tr>\n<tr>\n<td>&nbsp;<\/td>\n<td>&nbsp;<\/td>\n<td>&nbsp;<\/td>\n<\/tr>\n<tr>\n<td colspan=3 style=\"font-size: 30px;\"><b>1900<\/b> \u2014\u2014\u2014\u2014\u2014\u2014\u2014\u2014\u2014\u2014\u2014\u2014\u2014\u2014\u2014\u2014\u2014\u2014\u2014\u2014\u2014\u2014\u2014\u2014\u2014\u2014\u2014\u2014\u2014\u2014\u2014<\/td>\n<\/tr>\n<tr>\n<td>&nbsp;<\/td>\n<td>&nbsp;<\/td>\n<td>&nbsp;<\/td>\n<\/tr>\n<tr>\n<td>&nbsp;<\/td>\n<td>&nbsp;<\/td>\n<td>&nbsp;<\/td>\n<\/tr>\n<tr>\n<td>&nbsp;<\/td>\n<td>&nbsp;<\/td>\n<td>&nbsp;<\/td>\n<\/tr>\n<tr>\n<td>&nbsp;<\/td>\n<td>&nbsp;<\/td>\n<td>&nbsp;<\/td>\n<\/tr>\n<tr>\n<td>&nbsp;<\/td>\n<td>&nbsp;<\/td>\n<td><b>1914<\/b> &#8211; Za\u010d\u00e1tek prvn\u00ed sv\u011btov\u00e9 v\u00e1lky<\/td>\n<\/tr>\n<tr>\n<td>&nbsp;<\/td>\n<td>&nbsp;<\/td>\n<td><b>1916<\/b> &#8211; Zem\u0159el Franti\u0161ek Josef I. a nastupuje posledn\u00ed \u010desk\u00fd kr\u00e1l Karel I.<\/td>\n<\/tr>\n<tr>\n<td>&nbsp;<\/td>\n<td>&nbsp;<\/td>\n<td><b>1918<\/b> &#8211; Konec prvn\u00ed sv\u011btov\u00e9 v\u00e1lky<\/td>\n<\/tr>\n<tr>\n<td>&nbsp;<\/td>\n<td>&nbsp;<\/td>\n<td><b>1918<\/b> &#8211; Vznik \u010ceskoslovensk\u00e9 republiky a konec kr\u00e1lovstv\u00ed \u010desk\u00e9ho.<\/td>\n<\/tr>\n<tr>\n<td>&nbsp;<\/td>\n<td>&nbsp;<\/td>\n<td><b>1919<\/b> &#8211; Bitva o T\u011b\u0161\u00ednsko<\/td>\n<\/tr>\n<tr>\n<td>&nbsp;<\/td>\n<td>&nbsp;<\/td>\n<td>&nbsp;<\/td>\n<\/tr>\n<tr>\n<td>&nbsp;<\/td>\n<td>&nbsp;<\/td>\n<td>&nbsp;<\/td>\n<\/tr>\n<tr>\n<td>&nbsp;<\/td>\n<td><b>1927<\/b> &#8211; Vznik pozemkov\u00e9ho katastru.<\/td>\n<td>&nbsp;<\/td>\n<\/tr>\n<tr>\n<td>&nbsp;<\/td>\n<td>&nbsp;<\/td>\n<td>&nbsp;<\/td>\n<\/tr>\n<tr>\n<td>&nbsp;<\/td>\n<td>&nbsp;<\/td>\n<td>&nbsp;<\/td>\n<\/tr>\n<tr>\n<td>&nbsp;<\/td>\n<td>&nbsp;<\/td>\n<td>&nbsp;<\/td>\n<\/tr>\n<tr>\n<td>&nbsp;<\/td>\n<td><b>1939<\/b> &#8211; V odtr\u017een\u00e9 \u010d\u00e1sti pohrani\u010d\u00ed (tzv. Sudetech) vedeny matriky u ob\u010dansk\u00fdch \u00fa\u0159ad\u016f pro n\u011bmeck\u00e9 obyvatelstvo (a\u017e do roku 1945)<\/td>\n<td><b>1939<\/b> &#8211; Za\u010d\u00e1tek druh\u00e9 sv\u011btov\u00e9 v\u00e1lky.<\/td>\n<\/tr>\n<tr>\n<td>&nbsp;<\/td>\n<td>&nbsp;<\/td>\n<td>&nbsp;<\/td>\n<\/tr>\n<tr>\n<td>&nbsp;<\/td>\n<td>&nbsp;<\/td>\n<td>&nbsp;<\/td>\n<\/tr>\n<tr>\n<td>&nbsp;<\/td>\n<td>&nbsp;<\/td>\n<td><b>1945<\/b> &#8211; Konec druh\u00e9 sv\u011btov\u00e9 v\u00e1lky.<\/td>\n<\/tr>\n<tr>\n<td>&nbsp;<\/td>\n<td>&nbsp;<\/td>\n<td>&nbsp;<\/td>\n<\/tr>\n<tr>\n<td>&nbsp;<\/td>\n<td>&nbsp;<\/td>\n<td>&nbsp;<\/td>\n<\/tr>\n<tr>\n<td>&nbsp;<\/td>\n<td>&nbsp;<\/td>\n<td>&nbsp;<\/td>\n<\/tr>\n<tr>\n<td>&nbsp;<\/td>\n<td><b>1949<\/b> &#8211; Vyd\u00e1n tzv. matri\u010dn\u00ed z\u00e1kon \u010d. 268\/1949 Sb., j\u00edm\u017e byla matri\u010dn\u00ed agenda zest\u00e1tn\u011bna.<\/td>\n<td>&nbsp;<\/td>\n<\/tr>\n<tr>\n<td>&nbsp;<\/td>\n<td><b>1949<\/b> &#8211; Vyhl\u00e1\u0161ka MV \u010cSR pov\u011b\u0159uje veden\u00edm matrik n\u00e1rodn\u00ed v\u00fdbory.<\/td>\n<td>&nbsp;<\/td>\n<\/tr>\n<tr>\n<td>&nbsp;<\/td>\n<td>&nbsp;<\/td>\n<td>&nbsp;<\/td>\n<\/tr>\n<tr>\n<td>&nbsp;<\/td>\n<td>&nbsp;<\/td>\n<td>&nbsp;<\/td>\n<\/tr>\n<tr>\n<td>&nbsp;<\/td>\n<td><b>1952<\/b> &#8211; Matriky do roku 1875 p\u0159ed\u00e1v\u00e1ny do st\u00e1tn\u00edch archiv\u016f, dnes jsou v archivech matriky p\u0159ibli\u017en\u011b do roku 1900.<\/td>\n<td>&nbsp;<\/td>\n<\/tr>\n<tr>\n<td>&nbsp;<\/td>\n<td>&nbsp;<\/td>\n<td>&nbsp;<\/td>\n<\/tr>\n<tr>\n<td>&nbsp;<\/td>\n<td>&nbsp;<\/td>\n<td>&nbsp;<\/td>\n<\/tr>\n<tr>\n<td>&nbsp;<\/td>\n<td>&nbsp;<\/td>\n<td>&nbsp;<\/td>\n<\/tr>\n<tr>\n<td>&nbsp;<\/td>\n<td>&nbsp;<\/td>\n<td>&nbsp;<\/td>\n<\/tr>\n<tr>\n<td>&nbsp;<\/td>\n<td>&nbsp;<\/td>\n<td>&nbsp;<\/td>\n<\/tr>\n<tr>\n<td>&nbsp;<\/td>\n<td>&nbsp;<\/td>\n<td>&nbsp;<\/td>\n<\/tr>\n<tr>\n<td>&nbsp;<\/td>\n<td>&nbsp;<\/td>\n<td>&nbsp;<\/td>\n<\/tr>\n<tr>\n<td>&nbsp;<\/td>\n<td>&nbsp;<\/td>\n<td>&nbsp;<\/td>\n<\/tr>\n<\/table>\n<\/div>\n","protected":false},"excerpt":{"rendered":"<p>\u010casov\u00e1 osa &nbsp; &nbsp; &nbsp; &nbsp; &nbsp; &nbsp; &nbsp; &nbsp; &nbsp; &nbsp; &nbsp; &nbsp; &nbsp; &nbsp; 1549 &#8211; Maxmili\u00e1n II. je korunov\u00e1n \u010desk\u00fdm kr\u00e1lem. &nbsp; &nbsp; &nbsp; &nbsp; &nbsp; &nbsp; &nbsp; &nbsp; &nbsp; &nbsp; 1563 &#8211; Tridentsk\u00fd koncil nap\u0159\u00edklad na\u0159\u00eddil &hellip; <a class=\"more-link\" href=\"https:\/\/genealogie.nka.cz\/?page_id=971\">Continue reading <span class=\"meta-nav\">&rarr;<\/span><\/a><\/p>\n","protected":false},"author":1,"featured_media":0,"parent":0,"menu_order":4,"comment_status":"open","ping_status":"open","template":"page-wrapperonly.php","meta":{"ngg_post_thumbnail":0,"footnotes":""},"class_list":["post-971","page","type-page","status-publish","hentry"],"_links":{"self":[{"href":"https:\/\/genealogie.nka.cz\/index.php?rest_route=\/wp\/v2\/pages\/971","targetHints":{"allow":["GET"]}}],"collection":[{"href":"https:\/\/genealogie.nka.cz\/index.php?rest_route=\/wp\/v2\/pages"}],"about":[{"href":"https:\/\/genealogie.nka.cz\/index.php?rest_route=\/wp\/v2\/types\/page"}],"author":[{"embeddable":true,"href":"https:\/\/genealogie.nka.cz\/index.php?rest_route=\/wp\/v2\/users\/1"}],"replies":[{"embeddable":true,"href":"https:\/\/genealogie.nka.cz\/index.php?rest_route=%2Fwp%2Fv2%2Fcomments&post=971"}],"version-history":[{"count":27,"href":"https:\/\/genealogie.nka.cz\/index.php?rest_route=\/wp\/v2\/pages\/971\/revisions"}],"predecessor-version":[{"id":1336,"href":"https:\/\/genealogie.nka.cz\/index.php?rest_route=\/wp\/v2\/pages\/971\/revisions\/1336"}],"wp:attachment":[{"href":"https:\/\/genealogie.nka.cz\/index.php?rest_route=%2Fwp%2Fv2%2Fmedia&parent=971"}],"curies":[{"name":"wp","href":"https:\/\/api.w.org\/{rel}","templated":true}]}}